{"id":48,"date":"2021-10-20T23:48:31","date_gmt":"2021-10-21T04:48:31","guid":{"rendered":"https:\/\/multimediaytransmedia.uniandes.edu.co\/valeria-tafurt\/?page_id=48"},"modified":"2021-12-13T16:50:34","modified_gmt":"2021-12-13T21:50:34","slug":"referencias","status":"publish","type":"page","link":"https:\/\/multimediaytransmedia.uniandes.edu.co\/valeria-tafurt\/referencias\/","title":{"rendered":"Referencias"},"content":{"rendered":"\n<p class=\"has-small-font-size\">Aguilar, L. I. (2003). Crisis del caf\u00e9 y el desarrollo nacional. <em>Cuadernos de Econom\u00eda, 22<\/em>(38), 239-272.<\/p>\n\n\n\n<p class=\"has-small-font-size\">Arias, J. &amp; Bol\u00edvar, I. (2006). El cultivo de la identidad natural. Paisaje, cultura y turismo en Montenegro, Quind\u00edo. En J. Arias &amp; I. Bol\u00edvar (Eds.),<em>&nbsp;Identidades culturales y formaci\u00f3n de Estado en Colombia: Colonizaci\u00f3n, naturaleza y cultura<\/em>&nbsp;(pp. 51-118). Ediciones Uniandes.<\/p>\n\n\n\n<p class=\"has-small-font-size\">Ariza, A., Melo, C., Morales, P., Rodr\u00edguez, L., Malaver, N. <meta charset=\"utf-8\">&amp; Rivera, H. (2011). <em>Parques tem\u00e1ticos en Colombia: construyendo empresas perdurables que acepten el desaf\u00edo de subirse a la monta\u00f1a de la turbulencia global<\/em>. Editorial Universidad del Rosario,<\/p>\n\n\n\n<p class=\"has-small-font-size\">Castro, L. A. (s.f.). <em>Transformaci\u00f3n del paisaje como expresi\u00f3n de las nuevas espacialidades generadas por el turismo. El caso del Paisaje Cultural Cafetero de Colombia<\/em>. Instituto Geogr\u00e1fico Agust\u00edn Codazzi.<\/p>\n\n\n\n<p class=\"has-small-font-size\">Chalarca, J. (1998). <em>Vida y hechos del caf\u00e9 en Colombia<\/em>. Com\u00fan Presencia Editores.<\/p>\n\n\n\n<p class=\"has-small-font-size\">Etter, A., McAlpine, C., &amp; Possingham, H. (2008). Historical patterns and drivers of landscape change in Colombia since 1500: A regionalized spatial approach. <em>Annals of the Association of American Geographers, 98<\/em>(1), 2\u201323. <a href=\"https:\/\/doi.org\/10.1080\/00045600701733911\">https:\/\/doi.org\/10.1080\/00045600701733911<\/a><\/p>\n\n\n\n<p class=\"has-small-font-size\">G\u00f3mez, A., Restrepo, G. &amp; G\u00f3nzalez, P. (2004). <em>Turismo en el eje cafetero<\/em>. Banco de la Rep\u00fablica.&nbsp;<\/p>\n\n\n\n<p class=\"has-small-font-size\">Guhl, A. (2008a). <em>Caf\u00e9 y cambio de paisaje en Colombia, 1970-2005<\/em>. Fondo Editorial Universidad EAFIT.<\/p>\n\n\n\n<p class=\"has-small-font-size\">Guhl, A. (2008b). CHAPTER 6 &#8211; Coffee Production Intensification and Landscape Change in Colombia, 1970-2002. Land Change Science in the Tropics, 93\u2013116.<\/p>\n\n\n\n<p class=\"has-small-font-size\">Haller, A. (2011). Climate Change and Biodiversity in the Tropical Andes. <em>Mountain Research and Development, 32<\/em>(2), 258. <a href=\"https:\/\/doi.org\/10.1659\/mrd.mm097\">https:\/\/doi.org\/10.1659\/mrd.mm097<\/a><\/p>\n\n\n\n<p class=\"has-small-font-size\">L\u00f3pez, A. &amp; Mar\u00edn, G. (2010). Turismo, capitalismo y producci\u00f3n de lo ex\u00f3tico: una perspectiva cr\u00edtica para el estudio de la mercantilizaci\u00f3n del espacio y la cultura. <em>Relaciones. Estudios de historia y sociedad<\/em>, <em>31<\/em>(123), 219-260. <a href=\"http:\/\/www.scielo.org.mx\/scielo.php?script=sci_arttext&amp;pid=S0185-39292010000300008\">http:\/\/www.scielo.org.mx\/scielo.php?script=sci_arttext&amp;pid=S0185-39292010000300008<\/a><\/p>\n\n\n\n<p class=\"has-small-font-size\">Mayorga, D. (2015). Paisaje Cultural Cafetero, Patrimonio de la Humanidad. La cuesti\u00f3n del discurso patrimonial en contraste con el paisaje de la caficultura. <em>Territorios<\/em>, (32), 35-39.<\/p>\n\n\n\n<p class=\"has-small-font-size\">Nieto, L. (1958). <em>El caf\u00e9 en la sociedad colombiana.<\/em> El \u00c1ncora Editores.<\/p>\n\n\n\n<p class=\"has-small-font-size\">Palacios, M. (2008). El caf\u00e9 en Colombia 1850-1970<em>, Una historia econ\u00f3mica, social y pol\u00edtica<\/em> (Cuarta edi). El colegio de M\u00e9xico.<\/p>\n\n\n\n<p class=\"has-small-font-size\">Parque del Caf\u00e9 Oficial. (2015, 11 de noviembre). <em>\u00a1Disfruta el Parque del Caf\u00e9!<\/em>. https:\/\/www.youtube.com\/watch?v=gNwAZpHREEc<\/p>\n\n\n\n<p class=\"has-small-font-size\">Parque los Arrieros. (s.f.). <em>Parque los arrieros.<\/em> https:\/\/www.parquelosarrieros.com\/es\/<\/p>\n\n\n\n<p class=\"has-small-font-size\">Parque Los Arrieros. (2018, 9 de marzo). <em>VIDEO OFICIAL PARQUE LOS ARRIEROS<\/em>. https:\/\/www.youtube.com\/watch?v=hjU0HjPZBec<\/p>\n\n\n\n<p class=\"has-small-font-size\">Ram\u00edrez, S. &amp; Salsarriaga, C. (2013). Usos y abusos del Paisaje Culturual Cafetero: Una reflexi\u00f3n desde el concepto de patrimonio. <em>Revista Jangwa Pana, 12, <\/em>115-128.<\/p>\n\n\n\n<p class=\"has-small-font-size\">Rodr\u00edguez, D. &amp; Hern\u00e1ndez, M. (2019). Escamoteos cartogr\u00e1ficos. T\u00e1cticas e interpretaciones del mapa del &#8216;Paisaje Cultural Cafetero&#8217; de Colombia, Patrimonio Mundial.<em> Revista Scripta Nova, 23<\/em>(625)<em>,<\/em>1-25.<\/p>\n\n\n\n<p class=\"has-small-font-size\">Sarmiento, J. M. (2012). Paisaje cultural cafetero del centro occidente de Colombia: un patrimonio vivo. <em>Labor &amp; Engenho<\/em>, <em>6<\/em>(2), 8-15.<\/p>\n\n\n\n<p class=\"has-small-font-size\">Ten, A. E. (1998). Los nuevos para\u00edsos. Historia y evoluci\u00f3n de los parques tem\u00e1ticos. <em>Arbor<\/em>, <em>160<\/em>(629), 109\u2013131. https:\/\/doi.org\/10.3989\/arbor.1998.i629.1754<\/p>\n","protected":false},"excerpt":{"rendered":"<p>Aguilar, L. I. (2003). Crisis del caf\u00e9 y el desarrollo nacional. Cuadernos de Econom\u00eda, 22(38), 239-272. Arias, J. &amp; Bol\u00edvar, I. (2006). El cultivo de&#8230;<\/p>\n<div class=\"more-link-wrapper\"><a class=\"more-link\" href=\"https:\/\/multimediaytransmedia.uniandes.edu.co\/valeria-tafurt\/referencias\/\">Seguir leyendo<span class=\"screen-reader-text\">Referencias<\/span><\/a><\/div>\n","protected":false},"author":2,"featured_media":0,"parent":0,"menu_order":0,"comment_status":"closed","ping_status":"closed","template":"","meta":{"footnotes":""},"class_list":["post-48","page","type-page","status-publish","hentry","entry"],"_links":{"self":[{"href":"https:\/\/multimediaytransmedia.uniandes.edu.co\/valeria-tafurt\/wp-json\/wp\/v2\/pages\/48","targetHints":{"allow":["GET"]}}],"collection":[{"href":"https:\/\/multimediaytransmedia.uniandes.edu.co\/valeria-tafurt\/wp-json\/wp\/v2\/pages"}],"about":[{"href":"https:\/\/multimediaytransmedia.uniandes.edu.co\/valeria-tafurt\/wp-json\/wp\/v2\/types\/page"}],"author":[{"embeddable":true,"href":"https:\/\/multimediaytransmedia.uniandes.edu.co\/valeria-tafurt\/wp-json\/wp\/v2\/users\/2"}],"replies":[{"embeddable":true,"href":"https:\/\/multimediaytransmedia.uniandes.edu.co\/valeria-tafurt\/wp-json\/wp\/v2\/comments?post=48"}],"version-history":[{"count":16,"href":"https:\/\/multimediaytransmedia.uniandes.edu.co\/valeria-tafurt\/wp-json\/wp\/v2\/pages\/48\/revisions"}],"predecessor-version":[{"id":656,"href":"https:\/\/multimediaytransmedia.uniandes.edu.co\/valeria-tafurt\/wp-json\/wp\/v2\/pages\/48\/revisions\/656"}],"wp:attachment":[{"href":"https:\/\/multimediaytransmedia.uniandes.edu.co\/valeria-tafurt\/wp-json\/wp\/v2\/media?parent=48"}],"curies":[{"name":"wp","href":"https:\/\/api.w.org\/{rel}","templated":true}]}}